{"id":1812,"date":"2023-07-20T17:41:42","date_gmt":"2023-07-20T15:41:42","guid":{"rendered":"https:\/\/www.artsignsproject.eu\/platform\/?post_type=aiovg_videos&#038;p=1812"},"modified":"2023-07-20T17:41:42","modified_gmt":"2023-07-20T15:41:42","slug":"ro-ferestre-cu-trandafiri","status":"publish","type":"aiovg_videos","link":"https:\/\/www.artsignsproject.eu\/platform\/ro\/video\/ro-ferestre-cu-trandafiri\/","title":{"rendered":"RO Ferestre cu trandafiri"},"content":{"rendered":"<table class=\"video\">\n<tbody>\n<tr>\n<td data-label=\"Front\">\n<h1 style=\"font-size: 30px; text-align: center;\"><strong>Frontal<\/strong><\/h1>\n<p><iframe loading=\"lazy\" width=\"1280\" height=\"720\" src=\"https:\/\/www.youtube.com\/embed\/z0qJVZwCCR8?rel=0&amp;loop=1&amp;playlist=z0qJVZwCCR8\" title=\"RO   Ferestre cu trandafiri   Rose window  Art&amp;SignsProject\" frameborder=\"0\" allow=\"accelerometer; autoplay; clipboard-write; encrypted-media; gyroscope; picture-in-picture; web-share\" allowfullscreen><\/iframe>\n<\/td>\n<td data-label=\"Side\">\n<h1 style=\"font-size: 30px; text-align: center;\"><strong>Lateral<\/strong><\/h1>\n<p><iframe loading=\"lazy\" width=\"1280\" height=\"720\" src=\"https:\/\/www.youtube.com\/embed\/4bvlG1C0Wxk?rel=0&amp;loop=1&amp;playlist=4bvlG1C0Wxk\" title=\"RO   Ferestre cu trandafiri   Rose window  Art&amp;SignsProject side\" frameborder=\"0\" allow=\"accelerometer; autoplay; clipboard-write; encrypted-media; gyroscope; picture-in-picture; web-share\" allowfullscreen><\/iframe>\n<\/td>\n<\/tr>\n<tr>\n<td colspan=\"2\" data-label=\"Text\">\n<h1 style=\"font-size: 30px; text-align: center;\"><strong>Propozi\u021bie<\/strong><\/h1>\n<h2 style=\"text-align: center;\"><span style=\"font-size: 20px;\">&#8220;Ferestrele cu trandafiri \u00een culori vibrante sunt des \u00eent\u00e2lnite \u00een catedralele gotice.&#8221;<\/span><\/h2>\n<\/td>\n<\/tr>\n<tr>\n<td data-label=\"FrontSentence\">\n<h1 style=\"font-size: 30px; text-align: center;\"><strong>Propozi\u021bie frontal<\/strong><\/h1>\n<p><iframe loading=\"lazy\" width=\"1280\" height=\"720\" src=\"https:\/\/www.youtube.com\/embed\/IfManqLK_ew?rel=0&amp;loop=1&amp;playlist=IfManqLK_ew\" title=\"RO   Ferestre cu trandafiri   Rose window  Art&amp;SignsProject sentence\" frameborder=\"0\" allow=\"accelerometer; autoplay; clipboard-write; encrypted-media; gyroscope; picture-in-picture; web-share\" allowfullscreen><\/iframe>\n<\/td>\n<td data-label=\"SideSentence\">\n<h1 style=\"font-size: 30px; text-align: center;\"><strong>Propozi\u021bie lateral<\/strong><\/h1>\n<p><iframe loading=\"lazy\" width=\"1280\" height=\"720\" src=\"https:\/\/www.youtube.com\/embed\/mhet1dOLR2k?rel=0&amp;loop=1&amp;playlist=mhet1dOLR2k\" title=\"RO  Ferestre cu trandafiri   Rose windows  Art&amp;SignsProject sentence side\" frameborder=\"0\" allow=\"accelerometer; autoplay; clipboard-write; encrypted-media; gyroscope; picture-in-picture; web-share\" allowfullscreen><\/iframe>\n<\/td>\n<\/tr>\n<\/tbody>\n<\/table>\n","protected":false},"excerpt":{"rendered":"<p>Frontal Lateral Propozi\u021bie &#8220;Ferestrele cu trandafiri \u00een culori vibrante sunt des \u00eent\u00e2lnite \u00een catedralele gotice.&#8221; Propozi\u021bie frontal Propozi\u021bie lateral<\/p>\n","protected":false},"author":1,"comment_status":"closed","ping_status":"closed","template":"","aiovg_categories":[158],"aiovg_tags":[48],"class_list":["post-1812","aiovg_videos","type-aiovg_videos","status-publish","has-post-thumbnail","hentry","aiovg_categories-romana-ro","aiovg_tags-arhitectura"],"_links":{"self":[{"href":"https:\/\/www.artsignsproject.eu\/platform\/wp-json\/wp\/v2\/aiovg_videos\/1812","targetHints":{"allow":["GET"]}}],"collection":[{"href":"https:\/\/www.artsignsproject.eu\/platform\/wp-json\/wp\/v2\/aiovg_videos"}],"about":[{"href":"https:\/\/www.artsignsproject.eu\/platform\/wp-json\/wp\/v2\/types\/aiovg_videos"}],"author":[{"embeddable":true,"href":"https:\/\/www.artsignsproject.eu\/platform\/wp-json\/wp\/v2\/users\/1"}],"replies":[{"embeddable":true,"href":"https:\/\/www.artsignsproject.eu\/platform\/wp-json\/wp\/v2\/comments?post=1812"}],"wp:attachment":[{"href":"https:\/\/www.artsignsproject.eu\/platform\/wp-json\/wp\/v2\/media?parent=1812"}],"wp:term":[{"taxonomy":"aiovg_categories","embeddable":true,"href":"https:\/\/www.artsignsproject.eu\/platform\/wp-json\/wp\/v2\/aiovg_categories?post=1812"},{"taxonomy":"aiovg_tags","embeddable":true,"href":"https:\/\/www.artsignsproject.eu\/platform\/wp-json\/wp\/v2\/aiovg_tags?post=1812"}],"curies":[{"name":"wp","href":"https:\/\/api.w.org\/{rel}","templated":true}]}}